{"id":9,"date":"2020-01-21T12:53:08","date_gmt":"2020-01-21T11:53:08","guid":{"rendered":"http:\/\/ws226.juntadeandalucia.es\/iadformaconti\/wordpress\/?page_id=9"},"modified":"2026-04-16T17:45:50","modified_gmt":"2026-04-16T15:45:50","slug":"cursos-formacion-continua-2020","status":"publish","type":"page","link":"https:\/\/ws226.juntadeandalucia.es\/iadformaconti\/wordpress\/","title":{"rendered":"Inicio"},"content":{"rendered":"\t<section class=\"section\" id=\"section_1476919679\">\n\t\t<div class=\"bg section-bg fill bg-fill  bg-loaded\" >\n\n\t\t\t\n\t\t\t\n\t\t\t\n\n\t\t<\/div><!-- .section-bg -->\n\n\t\t<div class=\"section-content relative\">\n\t\t\t\n<div class=\"row row-collapse row-full-width align-middle align-center\"  id=\"row-232240284\">\n<div class=\"col small-12 large-12\"  ><div class=\"col-inner text-center\"  >\n\n  <div class=\"banner has-hover hide-for-small\" id=\"banner-283574013\">\n          <div class=\"banner-inner fill\">\n        <div class=\"banner-bg fill\" >\n            <div class=\"bg fill bg-fill \"><\/div>\n                                    \n                    <\/div><!-- bg-layers -->\n        <div class=\"banner-layers container\">\n            <div class=\"fill banner-link\"><\/div>            \n   <div id=\"text-box-1662662450\" class=\"text-box banner-layer x5 md-x10 lg-x10 y20 md-y20 lg-y20 res-text\">\n                                <div class=\"text dark\">\n              \n              <div class=\"text-inner text-center\">\n                  \n\t<div id=\"gap-262422364\" class=\"gap-element clearfix\" style=\"display:block; height:auto;\">\n\t\t\n<style scope=\"scope\">\n\n#gap-262422364 {\n  padding-top: 30px;\n}\n<\/style>\n\t<\/div>\n\t\n              <\/div>\n           <\/div><!-- text-box-inner -->\n                            \n<style scope=\"scope\">\n\n#text-box-1662662450 {\n  width: 53%;\n}\n#text-box-1662662450 .text {\n  font-size: 100%;\n}\n\n\n@media (min-width:550px) {\n\n  #text-box-1662662450 {\n    width: 33%;\n  }\n\n}\n<\/style>\n    <\/div><!-- text-box -->\n \n        <\/div><!-- .banner-layers -->\n      <\/div><!-- .banner-inner -->\n\n              <div class=\"height-fix is-invisible\"><img loading=\"lazy\" decoding=\"async\" width=\"2480\" height=\"1748\" src=\"https:\/\/ws226.juntadeandalucia.es\/iadformaconti\/wordpress\/wp-content\/uploads\/2026\/02\/JDACD-275-Portada-horizontal-2026.jpg\" class=\"attachment-original size-original\" alt=\"IAD 2026\" srcset=\"https:\/\/ws226.juntadeandalucia.es\/iadformaconti\/wordpress\/wp-content\/uploads\/2026\/02\/JDACD-275-Portada-horizontal-2026.jpg 2480w, https:\/\/ws226.juntadeandalucia.es\/iadformaconti\/wordpress\/wp-content\/uploads\/2026\/02\/JDACD-275-Portada-horizontal-2026-300x211.jpg 300w, https:\/\/ws226.juntadeandalucia.es\/iadformaconti\/wordpress\/wp-content\/uploads\/2026\/02\/JDACD-275-Portada-horizontal-2026-1024x722.jpg 1024w, https:\/\/ws226.juntadeandalucia.es\/iadformaconti\/wordpress\/wp-content\/uploads\/2026\/02\/JDACD-275-Portada-horizontal-2026-768x541.jpg 768w, https:\/\/ws226.juntadeandalucia.es\/iadformaconti\/wordpress\/wp-content\/uploads\/2026\/02\/JDACD-275-Portada-horizontal-2026-1536x1083.jpg 1536w, https:\/\/ws226.juntadeandalucia.es\/iadformaconti\/wordpress\/wp-content\/uploads\/2026\/02\/JDACD-275-Portada-horizontal-2026-2048x1444.jpg 2048w\" sizes=\"auto, (max-width: 2480px) 100vw, 2480px\" \/><\/div>\n            \n<style scope=\"scope\">\n\n#banner-283574013 .bg.bg-loaded {\n  background-image: url(https:\/\/ws226.juntadeandalucia.es\/iadformaconti\/wordpress\/wp-content\/uploads\/2026\/02\/JDACD-275-Portada-horizontal-2026.jpg);\n}\n#banner-283574013 {\n  background-color: rgb(255, 255, 255);\n}\n<\/style>\n  <\/div><!-- .banner -->\n\n\n\t<div id=\"gap-1007458241\" class=\"gap-element clearfix\" style=\"display:block; height:auto;\">\n\t\t\n<style scope=\"scope\">\n\n#gap-1007458241 {\n  padding-top: 30px;\n}\n<\/style>\n\t<\/div>\n\t\n\n  <div class=\"banner has-hover show-for-small\" id=\"banner-1299247315\">\n          <div class=\"banner-inner fill\">\n        <div class=\"banner-bg fill\" >\n            <div class=\"bg fill bg-fill \"><\/div>\n                                    \n                    <\/div><!-- bg-layers -->\n        <div class=\"banner-layers container\">\n            <div class=\"fill banner-link\"><\/div>            \n   <div id=\"text-box-989409539\" class=\"text-box banner-layer x5 md-x10 lg-x10 y20 md-y20 lg-y20 res-text\">\n                                <div class=\"text dark\">\n              \n              <div class=\"text-inner text-center\">\n                  \n\t<div id=\"gap-501219498\" class=\"gap-element clearfix\" style=\"display:block; height:auto;\">\n\t\t\n<style scope=\"scope\">\n\n#gap-501219498 {\n  padding-top: 30px;\n}\n<\/style>\n\t<\/div>\n\t\n              <\/div>\n           <\/div><!-- text-box-inner -->\n                            \n<style scope=\"scope\">\n\n#text-box-989409539 {\n  width: 53%;\n}\n#text-box-989409539 .text {\n  font-size: 100%;\n}\n\n\n@media (min-width:550px) {\n\n  #text-box-989409539 {\n    width: 33%;\n  }\n\n}\n<\/style>\n    <\/div><!-- text-box -->\n \n        <\/div><!-- .banner-layers -->\n      <\/div><!-- .banner-inner -->\n\n              <div class=\"height-fix is-invisible\"><img loading=\"lazy\" decoding=\"async\" width=\"2480\" height=\"1748\" src=\"https:\/\/ws226.juntadeandalucia.es\/iadformaconti\/wordpress\/wp-content\/uploads\/2026\/02\/JDACD-275-Portada-horizontal-2026.jpg\" class=\"attachment-original size-original\" alt=\"IAD 2026\" srcset=\"https:\/\/ws226.juntadeandalucia.es\/iadformaconti\/wordpress\/wp-content\/uploads\/2026\/02\/JDACD-275-Portada-horizontal-2026.jpg 2480w, https:\/\/ws226.juntadeandalucia.es\/iadformaconti\/wordpress\/wp-content\/uploads\/2026\/02\/JDACD-275-Portada-horizontal-2026-300x211.jpg 300w, https:\/\/ws226.juntadeandalucia.es\/iadformaconti\/wordpress\/wp-content\/uploads\/2026\/02\/JDACD-275-Portada-horizontal-2026-1024x722.jpg 1024w, https:\/\/ws226.juntadeandalucia.es\/iadformaconti\/wordpress\/wp-content\/uploads\/2026\/02\/JDACD-275-Portada-horizontal-2026-768x541.jpg 768w, https:\/\/ws226.juntadeandalucia.es\/iadformaconti\/wordpress\/wp-content\/uploads\/2026\/02\/JDACD-275-Portada-horizontal-2026-1536x1083.jpg 1536w, https:\/\/ws226.juntadeandalucia.es\/iadformaconti\/wordpress\/wp-content\/uploads\/2026\/02\/JDACD-275-Portada-horizontal-2026-2048x1444.jpg 2048w\" sizes=\"auto, (max-width: 2480px) 100vw, 2480px\" \/><\/div>\n            \n<style scope=\"scope\">\n\n#banner-1299247315 .bg.bg-loaded {\n  background-image: url(https:\/\/ws226.juntadeandalucia.es\/iadformaconti\/wordpress\/wp-content\/uploads\/2026\/02\/JDACD-275-Portada-horizontal-2026.jpg);\n}\n#banner-1299247315 {\n  background-color: rgb(255, 255, 255);\n}\n<\/style>\n  <\/div><!-- .banner -->\n\n\n<\/div><\/div>\n\n<style scope=\"scope\">\n\n<\/style>\n<\/div>\n\t\t<\/div><!-- .section-content -->\n\n\t\t\n<style scope=\"scope\">\n\n#section_1476919679 {\n  padding-top: 0px;\n  padding-bottom: 0px;\n  background-color: rgb(250, 250, 250);\n}\n<\/style>\n\t<\/section>\n\t\n\n\n\t<section class=\"section SectionArea\" id=\"section_713651451\">\n\t\t<div class=\"bg section-bg fill bg-fill  bg-loaded\" >\n\n\t\t\t\n\t\t\t\n\t\t\t\n\n\t\t<\/div><!-- .section-bg -->\n\n\t\t<div class=\"section-content relative\">\n\t\t\t\n<div class=\"row row-full-width align-center Area\"  id=\"row-306734368\">\n<div class=\"col medium-3 small-6 large-3\"  ><div class=\"col-inner text-center\" style=\"padding:0 0px 0px 0px;margin:0 0px 0px 0px;\" >\n\t<div class=\"img has-hover x md-x lg-x y md-y lg-y\" id=\"image_1672592181\">\n\t\t\t\t\t\t\t\t<div class=\"img-inner dark\" style=\"margin:0px 0 0px 0px;\">\n\t\t\t<img loading=\"lazy\" decoding=\"async\" width=\"340\" height=\"285\" src=\"https:\/\/ws226.juntadeandalucia.es\/iadformaconti\/wordpress\/wp-content\/uploads\/2026\/02\/area1-2026.webp\" class=\"attachment-large size-large\" alt=\"\" srcset=\"https:\/\/ws226.juntadeandalucia.es\/iadformaconti\/wordpress\/wp-content\/uploads\/2026\/02\/area1-2026.webp 340w, https:\/\/ws226.juntadeandalucia.es\/iadformaconti\/wordpress\/wp-content\/uploads\/2026\/02\/area1-2026-300x251.webp 300w\" sizes=\"auto, (max-width: 340px) 100vw, 340px\" \/>\t\t\t\t\t\t\n\t\t\t\t\t<\/div>\n\t\t\t\t\t\t\t\t\n<style scope=\"scope\">\n\n#image_1672592181 {\n  width: 100%;\n}\n<\/style>\n\t<\/div>\n\t\n<\/div><\/div>\n<div class=\"col medium-3 small-6 large-3\"  ><div class=\"col-inner text-center\" style=\"padding:0 0px 0px 0px;margin:0 0px 0px 0px;\" >\n\t<div class=\"img has-hover x md-x lg-x y md-y lg-y\" id=\"image_1336550390\">\n\t\t\t\t\t\t\t\t<div class=\"img-inner dark\" >\n\t\t\t<img loading=\"lazy\" decoding=\"async\" width=\"340\" height=\"285\" src=\"https:\/\/ws226.juntadeandalucia.es\/iadformaconti\/wordpress\/wp-content\/uploads\/2026\/02\/area2-2026.webp\" class=\"attachment-large size-large\" alt=\"\" srcset=\"https:\/\/ws226.juntadeandalucia.es\/iadformaconti\/wordpress\/wp-content\/uploads\/2026\/02\/area2-2026.webp 340w, https:\/\/ws226.juntadeandalucia.es\/iadformaconti\/wordpress\/wp-content\/uploads\/2026\/02\/area2-2026-300x251.webp 300w\" sizes=\"auto, (max-width: 340px) 100vw, 340px\" \/>\t\t\t\t\t\t\n\t\t\t\t\t<\/div>\n\t\t\t\t\t\t\t\t\n<style scope=\"scope\">\n\n#image_1336550390 {\n  width: 100%;\n}\n<\/style>\n\t<\/div>\n\t\n<\/div><\/div>\n<div class=\"col medium-3 small-6 large-3\"  ><div class=\"col-inner text-center\" style=\"padding:0 0px 0px 0px;margin:0 0px 0px 0px;\" >\n\t<div class=\"img has-hover x md-x lg-x y md-y lg-y\" id=\"image_1173532615\">\n\t\t\t\t\t\t\t\t<div class=\"img-inner dark\" style=\"margin:0px 0 0px 0px;\">\n\t\t\t<img loading=\"lazy\" decoding=\"async\" width=\"340\" height=\"285\" src=\"https:\/\/ws226.juntadeandalucia.es\/iadformaconti\/wordpress\/wp-content\/uploads\/2026\/02\/area3-2026.webp\" class=\"attachment-large size-large\" alt=\"\" srcset=\"https:\/\/ws226.juntadeandalucia.es\/iadformaconti\/wordpress\/wp-content\/uploads\/2026\/02\/area3-2026.webp 340w, https:\/\/ws226.juntadeandalucia.es\/iadformaconti\/wordpress\/wp-content\/uploads\/2026\/02\/area3-2026-300x251.webp 300w\" sizes=\"auto, (max-width: 340px) 100vw, 340px\" \/>\t\t\t\t\t\t\n\t\t\t\t\t<\/div>\n\t\t\t\t\t\t\t\t\n<style scope=\"scope\">\n\n#image_1173532615 {\n  width: 100%;\n}\n<\/style>\n\t<\/div>\n\t\n<\/div><\/div>\n<div class=\"col medium-3 small-6 large-3\"  ><div class=\"col-inner text-center\"  >\n\t<div class=\"img has-hover x md-x lg-x y md-y lg-y\" id=\"image_1433986005\">\n\t\t\t\t\t\t\t\t<div class=\"img-inner dark\" >\n\t\t\t<img loading=\"lazy\" decoding=\"async\" width=\"340\" height=\"285\" src=\"https:\/\/ws226.juntadeandalucia.es\/iadformaconti\/wordpress\/wp-content\/uploads\/2026\/02\/area4-2026.webp\" class=\"attachment-large size-large\" alt=\"\" srcset=\"https:\/\/ws226.juntadeandalucia.es\/iadformaconti\/wordpress\/wp-content\/uploads\/2026\/02\/area4-2026.webp 340w, https:\/\/ws226.juntadeandalucia.es\/iadformaconti\/wordpress\/wp-content\/uploads\/2026\/02\/area4-2026-300x251.webp 300w\" sizes=\"auto, (max-width: 340px) 100vw, 340px\" \/>\t\t\t\t\t\t\n\t\t\t\t\t<\/div>\n\t\t\t\t\t\t\t\t\n<style scope=\"scope\">\n\n#image_1433986005 {\n  width: 100%;\n}\n<\/style>\n\t<\/div>\n\t\n<\/div><\/div>\n\n<style scope=\"scope\">\n\n#row-306734368 > .col > .col-inner {\n  padding: 0 0px 0px 0px;\n}\n<\/style>\n<\/div>\n<div class=\"row row-full-width align-center Area\"  id=\"row-1825257177\">\n<div class=\"col medium-3 small-6 large-3\"  ><div class=\"col-inner text-center\" style=\"padding:0 0px 0px 0px;margin:0 0px 0px 0px;\" >\n\t<div class=\"img has-hover x md-x lg-x y md-y lg-y\" id=\"image_109622118\">\n\t\t\t\t\t\t\t\t<div class=\"img-inner dark\" >\n\t\t\t<img loading=\"lazy\" decoding=\"async\" width=\"340\" height=\"285\" src=\"https:\/\/ws226.juntadeandalucia.es\/iadformaconti\/wordpress\/wp-content\/uploads\/2026\/02\/area5-2026-1.webp\" class=\"attachment-large size-large\" alt=\"\" srcset=\"https:\/\/ws226.juntadeandalucia.es\/iadformaconti\/wordpress\/wp-content\/uploads\/2026\/02\/area5-2026-1.webp 340w, https:\/\/ws226.juntadeandalucia.es\/iadformaconti\/wordpress\/wp-content\/uploads\/2026\/02\/area5-2026-1-300x251.webp 300w\" sizes=\"auto, (max-width: 340px) 100vw, 340px\" \/>\t\t\t\t\t\t\n\t\t\t\t\t<\/div>\n\t\t\t\t\t\t\t\t\n<style scope=\"scope\">\n\n#image_109622118 {\n  width: 100%;\n}\n<\/style>\n\t<\/div>\n\t\n<\/div><\/div>\n<div class=\"col medium-3 small-6 large-3\"  ><div class=\"col-inner text-center\" style=\"padding:0 0px 0px 0px;margin:0 0px 0px 0px;\" >\n\t<div class=\"img has-hover x md-x lg-x y md-y lg-y\" id=\"image_151714514\">\n\t\t\t\t\t\t\t\t<div class=\"img-inner dark\" >\n\t\t\t<img loading=\"lazy\" decoding=\"async\" width=\"340\" height=\"285\" src=\"https:\/\/ws226.juntadeandalucia.es\/iadformaconti\/wordpress\/wp-content\/uploads\/2026\/02\/area6-2026-1.webp\" class=\"attachment-large size-large\" alt=\"\" srcset=\"https:\/\/ws226.juntadeandalucia.es\/iadformaconti\/wordpress\/wp-content\/uploads\/2026\/02\/area6-2026-1.webp 340w, https:\/\/ws226.juntadeandalucia.es\/iadformaconti\/wordpress\/wp-content\/uploads\/2026\/02\/area6-2026-1-300x251.webp 300w\" sizes=\"auto, (max-width: 340px) 100vw, 340px\" \/>\t\t\t\t\t\t\n\t\t\t\t\t<\/div>\n\t\t\t\t\t\t\t\t\n<style scope=\"scope\">\n\n#image_151714514 {\n  width: 100%;\n}\n<\/style>\n\t<\/div>\n\t\n<\/div><\/div>\n<div class=\"col medium-3 small-6 large-3\"  ><div class=\"col-inner text-center\" style=\"padding:0 0px 0px 0px;margin:0 0px 0px 0px;\" >\n\t<div class=\"img has-hover x md-x lg-x y md-y lg-y\" id=\"image_1155402369\">\n\t\t\t\t\t\t\t\t<div class=\"img-inner dark\" style=\"margin:0px 0 0px 0px;\">\n\t\t\t<img loading=\"lazy\" decoding=\"async\" width=\"340\" height=\"285\" src=\"https:\/\/ws226.juntadeandalucia.es\/iadformaconti\/wordpress\/wp-content\/uploads\/2026\/02\/area7-2026-1.webp\" class=\"attachment-large size-large\" alt=\"\" srcset=\"https:\/\/ws226.juntadeandalucia.es\/iadformaconti\/wordpress\/wp-content\/uploads\/2026\/02\/area7-2026-1.webp 340w, https:\/\/ws226.juntadeandalucia.es\/iadformaconti\/wordpress\/wp-content\/uploads\/2026\/02\/area7-2026-1-300x251.webp 300w\" sizes=\"auto, (max-width: 340px) 100vw, 340px\" \/>\t\t\t\t\t\t\n\t\t\t\t\t<\/div>\n\t\t\t\t\t\t\t\t\n<style scope=\"scope\">\n\n#image_1155402369 {\n  width: 100%;\n}\n<\/style>\n\t<\/div>\n\t\n<\/div><\/div>\n<div class=\"col medium-3 small-6 large-3\"  ><div class=\"col-inner text-center\"  >\n\t<div class=\"img has-hover x md-x lg-x y md-y lg-y\" id=\"image_1811556917\">\n\t\t\t\t\t\t\t\t<div class=\"img-inner dark\" >\n\t\t\t<img loading=\"lazy\" decoding=\"async\" width=\"340\" height=\"285\" src=\"https:\/\/ws226.juntadeandalucia.es\/iadformaconti\/wordpress\/wp-content\/uploads\/2026\/02\/area8-2026-1.webp\" class=\"attachment-large size-large\" alt=\"\" srcset=\"https:\/\/ws226.juntadeandalucia.es\/iadformaconti\/wordpress\/wp-content\/uploads\/2026\/02\/area8-2026-1.webp 340w, https:\/\/ws226.juntadeandalucia.es\/iadformaconti\/wordpress\/wp-content\/uploads\/2026\/02\/area8-2026-1-300x251.webp 300w\" sizes=\"auto, (max-width: 340px) 100vw, 340px\" \/>\t\t\t\t\t\t\n\t\t\t\t\t<\/div>\n\t\t\t\t\t\t\t\t\n<style scope=\"scope\">\n\n#image_1811556917 {\n  width: 100%;\n}\n<\/style>\n\t<\/div>\n\t\n<\/div><\/div>\n\n<style scope=\"scope\">\n\n#row-1825257177 > .col > .col-inner {\n  padding: 0 0px 0px 0px;\n}\n<\/style>\n<\/div>\n\t\t<\/div><!-- .section-content -->\n\n\t\t\n<style scope=\"scope\">\n\n#section_713651451 {\n  padding-top: 30px;\n  padding-bottom: 30px;\n}\n<\/style>\n\t<\/section>\n\t\n\n\t<section class=\"section\" id=\"section_420570955\">\n\t\t<div class=\"bg section-bg fill bg-fill  bg-loaded\" >\n\n\t\t\t\n\t\t\t\n\t\t\t\n\n\t\t<\/div><!-- .section-bg -->\n\n\t\t<div class=\"section-content relative\">\n\t\t\t\n<div class=\"row row-collapse row-full-width align-middle align-center\"  id=\"row-585759654\">\n<div class=\"col medium-10 small-12 large-6\"  ><div class=\"col-inner\"  >\n\t<div id=\"gap-73726742\" class=\"gap-element clearfix\" style=\"display:block; height:auto;\">\n\t\t\n<style scope=\"scope\">\n\n#gap-73726742 {\n  padding-top: 30px;\n}\n<\/style>\n\t<\/div>\n\t\n\t<div class=\"img has-hover x md-x lg-x y md-y lg-y\" id=\"image_1957279751\">\n\t\t<a class=\"\" href=\"https:\/\/www.juntadeandalucia.es\/export\/drupaljda\/IAD_programa_formacion_continua_2022.pdf\"  >\t\t\t\t\t\t<div class=\"img-inner dark\" >\n\t\t\t<img loading=\"lazy\" decoding=\"async\" width=\"1920\" height=\"1443\" src=\"https:\/\/ws226.juntadeandalucia.es\/iadformaconti\/wordpress\/wp-content\/uploads\/2026\/02\/JDACD-275-Web-frontis-IAD-2026.jpg\" class=\"attachment-original size-original\" alt=\"IAD 2026\" srcset=\"https:\/\/ws226.juntadeandalucia.es\/iadformaconti\/wordpress\/wp-content\/uploads\/2026\/02\/JDACD-275-Web-frontis-IAD-2026.jpg 1920w, https:\/\/ws226.juntadeandalucia.es\/iadformaconti\/wordpress\/wp-content\/uploads\/2026\/02\/JDACD-275-Web-frontis-IAD-2026-300x225.jpg 300w, https:\/\/ws226.juntadeandalucia.es\/iadformaconti\/wordpress\/wp-content\/uploads\/2026\/02\/JDACD-275-Web-frontis-IAD-2026-1024x770.jpg 1024w, https:\/\/ws226.juntadeandalucia.es\/iadformaconti\/wordpress\/wp-content\/uploads\/2026\/02\/JDACD-275-Web-frontis-IAD-2026-768x577.jpg 768w, https:\/\/ws226.juntadeandalucia.es\/iadformaconti\/wordpress\/wp-content\/uploads\/2026\/02\/JDACD-275-Web-frontis-IAD-2026-1536x1154.jpg 1536w\" sizes=\"auto, (max-width: 1920px) 100vw, 1920px\" \/>\t\t\t\t\t\t\n\t\t\t\t\t<\/div>\n\t\t\t\t\t\t<\/a>\t\t\n<style scope=\"scope\">\n\n#image_1957279751 {\n  width: 100%;\n}\n<\/style>\n\t<\/div>\n\t\n<\/div><\/div>\n<div class=\"col paddingcero medium-12 small-11 large-6\"  ><div class=\"col-inner\" style=\"padding:40px 40px 40px 40px;\" >\n<h1 style=\"color: #007d32; font-size: 250%;\">Formaci\u00f3n continua 2026<\/h1>\n<p>El objetivo del Instituto Andaluz del Deporte es contribuir a la <strong>universalizaci\u00f3n de la pr\u00e1ctica deportiva<\/strong> a trav\u00e9s de la formaci\u00f3n, investigaci\u00f3n, innovaci\u00f3n, documentaci\u00f3n y difusi\u00f3n de las Ciencias de la Actividad F\u00edsica y del Deporte.<\/p>\n<p>La ciudadan\u00eda andaluza interesada en las diferentes ramas profesionales del deporte encontrar\u00e1n en este <strong>Programa de Formaci\u00f3n Continua<\/strong> actividades de su inter\u00e9s dirigidos a su especializaci\u00f3n concreta.<\/p>\n<p>Las actividades son adem\u00e1s un <strong>punto de encuentro para profesionales<\/strong> del sector: gestores, deportistas y ex deportistas, medios de comunicaci\u00f3n, investigadores, etc.<\/p>\n<p>Las <strong>inscripciones<\/strong> de las actividades se ir\u00e1n abriendo progresivamente seg\u00fan la agenda, unos tres meses antes previos al comienzo de cada una, al igual que su programa detallado.<\/p>\n<p>Esperamos con estas actividades mejorar las competencias y favorecer el intercambio de experiencias entre el sector profesional del deporte andaluz.<\/p>\n<a rel=\"noopener noreferrer\" href=\"\" target=\"_blank\" class=\"button primary lowercase\"  >\n    <span>Descargar programa<\/span>\n  <\/a>\n\n<a rel=\"noopener noreferrer\" href=\"https:\/\/juntadeandalucia.es\/organismos\/turismoculturaydeporte\/areas\/deporte\/formacion-investigacion-innovacion\/formacion-continua.html\" target=\"_blank\" class=\"button primary lowercase\"  >\n    <span>Ir a la web del IAD<\/span>\n  <\/a>\n\n<\/div><\/div>\n\n<style scope=\"scope\">\n\n#row-585759654 > .col > .col-inner {\n  padding: 0px 0px 0px 0px;\n}\n\n\n@media (min-width:850px) {\n\n  #row-585759654 > .col > .col-inner {\n    padding: 0px 0px 0px 0px;\n  }\n\n}\n<\/style>\n<\/div>\n\t\t<\/div><!-- .section-content -->\n\n\t\t\n<style scope=\"scope\">\n\n#section_420570955 {\n  padding-top: 0px;\n  padding-bottom: 0px;\n  background-color: rgb(249, 249, 249);\n}\n<\/style>\n\t<\/section>\n\t\n\t<section class=\"section\" id=\"section_1784417809\">\n\t\t<div class=\"bg section-bg fill bg-fill  bg-loaded\" >\n\n\t\t\t\n\t\t\t\n\t\t\t\n\n\t\t<\/div><!-- .section-bg -->\n\n\t\t<div class=\"section-content relative\">\n\t\t\t\n<div class=\"row align-center\"  id=\"row-251748985\">\n<div class=\"col medium-10 small-12 large-8\"  ><div class=\"col-inner text-center\" style=\"margin:0px 0px -40px 0px;\" >\n<h2 style=\"color: #007d32; font-size: 250%;\">Preguntas frecuentes<\/h2>\n<\/div><\/div>\n\n<style scope=\"scope\">\n\n<\/style>\n<\/div>\n<div class=\"row align-center\"  id=\"row-479475896\">\n<div class=\"col medium-12 small-12 large-10\"  ><div class=\"col-inner text-left\"  >\n<div class=\"is-divider divider clearfix\" style=\"margin-top:3em;margin-bottom:3em;max-width:100%;background-color:rgb(0, 125, 50);\"><\/div><!-- .divider -->\n<div class=\"row row-collapse\"  id=\"row-1466354978\">\n<div class=\"col medium-12 small-12 large-4\"  ><div class=\"col-inner\"  >\n\n\t\t<div class=\"icon-box featured-box icon-box-left text-left\"  style=\"margin:0px 0px 30px 0px;\">\n\t\t\t\t<div class=\"icon-box-text last-reset\">\n\t\t\t\t\t\t\t\t\t\n<h3>Informaci\u00f3n general<\/h3>\n\t\t<\/div>\n\t<\/div><!-- .icon-box -->\n\t\n\t\n<\/div><\/div>\n<div class=\"col medium-12 small-12 large-8\"  ><div class=\"col-inner text-left\"  >\n<div class=\"accordion\" rel=\"\">\n<div class=\"accordion-item\"><a href=\"#\" class=\"accordion-title plain\"><button class=\"toggle\"><i class=\"icon-angle-down\"><\/i><\/button><span>\u00bfD\u00f3nde puedo consultar las nuevas actividades de formaci\u00f3n continua y sus fechas de celebraci\u00f3n?<\/span><\/a><div class=\"accordion-inner\">\n<p>El Programa de Formaci\u00f3n Continua 2022 con la relaci\u00f3n de actividades, tipolog\u00eda, modalidad, \u00e1rea tem\u00e1tica y fecha est\u00e1 publicado en la p\u00e1gina web del IAD. Puedes consultar todas las formaciones disponibles en la secci\u00f3n \u00abActividades abiertas\u00bb de esta misma p\u00e1gina web o en la web del <a href=\"https:\/\/www.juntadeandalucia.es\/organismos\/educacionydeporte\/areas\/formacion-investigacion-medicina\/formacion-continua.html\">Instituto Andaluz del Deporte<\/a>.<\/p>\n<\/div><\/div>\n<div class=\"accordion-item\"><a href=\"#\" class=\"accordion-title plain\"><button class=\"toggle\"><i class=\"icon-angle-down\"><\/i><\/button><span>\u00bfQu\u00e9 actividades van a tener precios p\u00fablicos?<\/span><\/a><div class=\"accordion-inner\">\n<p>Todas las presenciales y semipresenciales, as\u00ed como las actividades online que estime el IAD.<\/p>\n<\/div><\/div>\n<div class=\"accordion-item\"><a href=\"#\" class=\"accordion-title plain\"><button class=\"toggle\"><i class=\"icon-angle-down\"><\/i><\/button><span>\u00bfHay plazas limitadas?<\/span><\/a><div class=\"accordion-inner\">\n<p>El n\u00famero de plazas por actividad formativa es limitado. Cada actividad, seg\u00fan sea online, presencial o semipresencial, tiene un n\u00famero de plazas distinto.<\/p>\n<\/div><\/div>\n<\/div>\n<\/div><\/div>\n\n<style scope=\"scope\">\n\n<\/style>\n<\/div>\n<div class=\"is-divider divider clearfix\" style=\"margin-top:3em;margin-bottom:3em;max-width:100%;background-color:rgb(0, 125, 50);\"><\/div><!-- .divider -->\n<div class=\"row row-collapse\"  id=\"row-66218547\">\n<div class=\"col medium-12 small-12 large-4\"  ><div class=\"col-inner\"  >\n\n\t\t<div class=\"icon-box featured-box icon-box-left text-left\"  style=\"margin:0px 0px 30px 0px;\">\n\t\t\t\t<div class=\"icon-box-text last-reset\">\n\t\t\t\t\t\t\t\t\t\n<h3>Inscripci\u00f3n<\/h3>\n\t\t<\/div>\n\t<\/div><!-- .icon-box -->\n\t\n\t\n<\/div><\/div>\n<div class=\"col medium-12 small-12 large-8\"  ><div class=\"col-inner text-left\"  >\n<div class=\"accordion\" rel=\"\">\n<div class=\"accordion-item\"><a href=\"#\" class=\"accordion-title plain\"><button class=\"toggle\"><i class=\"icon-angle-down\"><\/i><\/button><span>\u00bfCu\u00e1ndo se abre la inscripci\u00f3n de las actividades?<\/span><\/a><div class=\"accordion-inner\">\n<p>Cada una de las acciones formativas del Programa de Formaci\u00f3n Continua 2022 se publica en la p\u00e1gina web del IAD dos meses antes de su celebraci\u00f3n.<\/p>\n<p>Las solicitudes fuera de plazo ser\u00e1n desestimadas.<\/p>\n<\/div><\/div>\n<div class=\"accordion-item\"><a href=\"#\" class=\"accordion-title plain\"><button class=\"toggle\"><i class=\"icon-angle-down\"><\/i><\/button><span>\u00bfC\u00f3mo realizar la inscripci\u00f3n para una actividad formativa?<\/span><\/a><div class=\"accordion-inner\">\n<p>En la p\u00e1gina de cada una de las actividades formativas podr\u00e1s consultar la informaci\u00f3n con el plazo m\u00e1ximo para realizar la inscripci\u00f3n. En esta misma p\u00e1gina encontrar\u00e1s un enlace que te llevar\u00e1 al formulario para inscribirte.<\/p>\n<\/div><\/div>\n<div class=\"accordion-item\"><a href=\"#\" class=\"accordion-title plain\"><button class=\"toggle\"><i class=\"icon-angle-down\"><\/i><\/button><span>\u00bfC\u00f3mo saber de mi admisi\u00f3n a una actividad?<\/span><\/a><div class=\"accordion-inner\">\n<p>Tanto si la actividad tiene preselecci\u00f3n o no, como si est\u00e1 sujeta o no a precio p\u00fablico, la persona inscrita recibir\u00e1 un correo confirmando su admisi\u00f3n.<\/p>\n<\/div><\/div>\n<div class=\"accordion-item\"><a href=\"#\" class=\"accordion-title plain\"><button class=\"toggle\"><i class=\"icon-angle-down\"><\/i><\/button><span>\u00bfCu\u00e1ndo y c\u00f3mo pagar las actividades con precio p\u00fablico?<\/span><\/a><div class=\"accordion-inner\">\n<p>Una vez terminado el plazo de inscripci\u00f3n, las personas seleccionadas recibir\u00e1n un correo que les comunicar\u00e1 su preselecci\u00f3n y les proporcionar\u00e1 un enlace al modelo de declaraci\u00f3n-liquidaci\u00f3n 169 con el que deber\u00e1n abonar el precio de la actividad, indic\u00e1ndoles tambi\u00e9n la fecha l\u00edmite para efectuar el pago.<\/p>\n<p>Para que la preselecci\u00f3n sea efectiva, la persona interesada deber\u00e1 responder al correo recibido cumpliment\u00e1ndolo debidamente y adjuntando el justificante de pago en pdf.<\/p>\n<\/div><\/div>\n<\/div>\n<\/div><\/div>\n\n<style scope=\"scope\">\n\n<\/style>\n<\/div>\n<div class=\"is-divider divider clearfix\" style=\"margin-top:3em;margin-bottom:3em;max-width:100%;background-color:rgb(0, 125, 50);\"><\/div><!-- .divider -->\n<div class=\"row row-collapse\"  id=\"row-1990917886\">\n<div class=\"col medium-12 small-12 large-4\"  ><div class=\"col-inner\"  >\n\n\t\t<div class=\"icon-box featured-box icon-box-left text-left\"  style=\"margin:0px 0px 30px 0px;\">\n\t\t\t\t<div class=\"icon-box-text last-reset\">\n\t\t\t\t\t\t\t\t\t\n<h3>Despu\u00e9s de las actividades<\/h3>\n\t\t<\/div>\n\t<\/div><!-- .icon-box -->\n\t\n\t\n<\/div><\/div>\n<div class=\"col medium-12 small-12 large-8\"  ><div class=\"col-inner text-left\"  >\n<div class=\"accordion\" rel=\"\">\n<div class=\"accordion-item\"><a href=\"#\" class=\"accordion-title plain\"><button class=\"toggle\"><i class=\"icon-angle-down\"><\/i><\/button><span>\u00bfQu\u00e9 tipo de documento acreditativo recibo despu\u00e9s de haber participado en la actividad?<\/span><\/a><div class=\"accordion-inner\">\n<p>En cada acci\u00f3n formativa en la que participe, y siempre que asista al menos al 80% de la formaci\u00f3n, se enviar\u00e1 un \u00abcertificado de asistencia\u00bb junto con la documentaci\u00f3n (presentaciones de las ponencias y v\u00eddeos en el caso de las actividades online).<\/p>\n<\/div><\/div>\n<\/div>\n<\/div><\/div>\n\n<style scope=\"scope\">\n\n<\/style>\n<\/div>\n<div class=\"is-divider divider clearfix\" style=\"margin-top:3em;margin-bottom:3em;max-width:100%;background-color:rgb(0, 125, 50);\"><\/div><!-- .divider -->\n<div class=\"row row-collapse\"  id=\"row-570563441\">\n<div class=\"col medium-12 small-12 large-4\"  ><div class=\"col-inner\"  >\n\n\t\t<div class=\"icon-box featured-box icon-box-left text-left\"  style=\"margin:0px 0px 30px 0px;\">\n\t\t\t\t<div class=\"icon-box-text last-reset\">\n\t\t\t\t\t\t\t\t\t\n<h3>V\u00edas de contacto<\/h3>\n\t\t<\/div>\n\t<\/div><!-- .icon-box -->\n\t\n\t\n<\/div><\/div>\n<div class=\"col medium-12 small-12 large-8\"  ><div class=\"col-inner text-left\"  >\n<div class=\"accordion\" rel=\"\">\n<div class=\"accordion-item\"><a href=\"#\" class=\"accordion-title plain\"><button class=\"toggle\"><i class=\"icon-angle-down\"><\/i><\/button><span>M\u00e1s informaci\u00f3n<\/span><\/a><div class=\"accordion-inner\">\n<p>El correo electr\u00f3nico al que dirigirse para m\u00e1s informaci\u00f3n o en caso de dudas es:<\/p>\n<p><a href=\"mailto:formacioncontinua.iad.ccd@juntadeandalucia.es\">formacioncontinua.iad.ccd@juntadeandalucia.es<\/a><\/p>\n<p>Tambi\u00e9n pueden contactar con nosotros en los tel\u00e9fonos:<\/p>\n<p>951 041 912<\/p>\n<p>951 041 924<\/p>\n<p>951 041 935<\/p>\n<p>951 041 959<\/p>\n<\/div><\/div>\n<\/div>\n<\/div><\/div>\n\n<style scope=\"scope\">\n\n<\/style>\n<\/div>\n\t<div id=\"gap-2140972338\" class=\"gap-element clearfix\" style=\"display:block; height:auto;\">\n\t\t\n<style scope=\"scope\">\n\n#gap-2140972338 {\n  padding-top: 60px;\n}\n<\/style>\n\t<\/div>\n\t\n<\/div><\/div>\n\n<style scope=\"scope\">\n\n<\/style>\n<\/div>\n\t\t<\/div><!-- .section-content -->\n\n\t\t\n<style scope=\"scope\">\n\n#section_1784417809 {\n  padding-top: 60px;\n  padding-bottom: 60px;\n}\n<\/style>\n\t<\/section>\n\t\n<div class=\"row row-collapse row-full-width align-center\"  id=\"row-961197805\">\n<div class=\"col small-12 large-12\"  ><div class=\"col-inner text-center\" style=\"background-color:rgb(249, 249, 249);\" >\n<h2 style=\"color: #007d32; font-size: 250%;\">\u00bfAlguna pregunta m\u00e1s?<\/h2>\n<p>Por favor, contacta con nosotros para m\u00e1s informaci\u00f3n en los siguientes tel\u00e9fonos:<\/p>\n<p>951 041 912<\/p>\n<p>951 041 924<\/p>\n<p>951 041 935<\/p>\n<p>951 041 959<\/p>\n<a href=\"mailto:formacioncontinua.iad.ccd@juntadeandalucia.es\" target=\"_self\" class=\"button primary lowercase\"  >\n    <span>Contactar<\/span>\n  <\/a>\n\n<\/div><\/div>\n\n<style scope=\"scope\">\n\n#row-961197805 > .col > .col-inner {\n  padding: 40px 20px 40px 20px;\n  background-color: rgb(244, 244, 244);\n}\n\n\n@media (min-width:550px) {\n\n  #row-961197805 > .col > .col-inner {\n    padding: 40px 40px 40px 40px;\n  }\n\n}\n<\/style>\n<\/div>\n\n","protected":false},"excerpt":{"rendered":"","protected":false},"author":4,"featured_media":0,"parent":0,"menu_order":0,"comment_status":"closed","ping_status":"closed","template":"page-blank.php","meta":{"footnotes":""},"class_list":["post-9","page","type-page","status-publish","hentry"],"_links":{"self":[{"href":"https:\/\/ws226.juntadeandalucia.es\/iadformaconti\/wordpress\/index.php?rest_route=\/wp\/v2\/pages\/9","targetHints":{"allow":["GET"]}}],"collection":[{"href":"https:\/\/ws226.juntadeandalucia.es\/iadformaconti\/wordpress\/index.php?rest_route=\/wp\/v2\/pages"}],"about":[{"href":"https:\/\/ws226.juntadeandalucia.es\/iadformaconti\/wordpress\/index.php?rest_route=\/wp\/v2\/types\/page"}],"author":[{"embeddable":true,"href":"https:\/\/ws226.juntadeandalucia.es\/iadformaconti\/wordpress\/index.php?rest_route=\/wp\/v2\/users\/4"}],"replies":[{"embeddable":true,"href":"https:\/\/ws226.juntadeandalucia.es\/iadformaconti\/wordpress\/index.php?rest_route=%2Fwp%2Fv2%2Fcomments&post=9"}],"version-history":[{"count":259,"href":"https:\/\/ws226.juntadeandalucia.es\/iadformaconti\/wordpress\/index.php?rest_route=\/wp\/v2\/pages\/9\/revisions"}],"predecessor-version":[{"id":4024,"href":"https:\/\/ws226.juntadeandalucia.es\/iadformaconti\/wordpress\/index.php?rest_route=\/wp\/v2\/pages\/9\/revisions\/4024"}],"wp:attachment":[{"href":"https:\/\/ws226.juntadeandalucia.es\/iadformaconti\/wordpress\/index.php?rest_route=%2Fwp%2Fv2%2Fmedia&parent=9"}],"curies":[{"name":"wp","href":"https:\/\/api.w.org\/{rel}","templated":true}]}}